{"id":35354,"date":"2025-07-02T15:22:15","date_gmt":"2025-07-02T15:22:15","guid":{"rendered":"https:\/\/deak17galeria.hu\/?post_type=programok&#038;p=35354"},"modified":"2025-07-02T15:22:15","modified_gmt":"2025-07-02T15:22:15","slug":"pizza-and-art","status":"publish","type":"programok","link":"https:\/\/deak17galeria.hu\/en\/programs\/pizza-and-art\/","title":{"rendered":"Pizza and art"},"content":{"rendered":"\n<p>Dear Children Around the World!<\/p>\n\n\n\n<p>In February we&#8217;re heading to a popular destination, Italy. We&#8217;ll travel through the ages of art and then arrive in the present. Italian pasta and pizzas, high on the list of Hungarian children&#8217;s favourite foods, will be on the menu this morning. The Italian flavours will not only be part of the usual tasting, but will also be featured in a music and dance performance by the children of the Hungarian-Italian school.<\/p>\n\n\n\n<figure class=\"wp-block-embed is-type-video is-provider-youtube wp-block-embed-youtube wp-embed-aspect-16-9 wp-has-aspect-ratio\"><div class=\"wp-block-embed__wrapper\">\n<iframe loading=\"lazy\" title=\"Vil\u00e1gj\u00e1r\u00f3 Gyerekek - Olaszorsz\u00e1g (2025.02.15.)\" width=\"880\" height=\"495\" src=\"https:\/\/www.youtube.com\/embed\/TUybeK51Lps?feature=oembed\" frameborder=\"0\" allow=\"accelerometer; autoplay; clipboard-write; encrypted-media; gyroscope; picture-in-picture; web-share\" referrerpolicy=\"strict-origin-when-cross-origin\" allowfullscreen><\/iframe>\n<\/div><\/figure>\n\n\n\n<p>Programme<\/p>\n\n\n\n<p>from 9:30 &#8211; Arrival, registration, joint creative work<br \/>10:00-10:20 &#8211; Interactive presentation about Italy, Italian art<br \/>10:20-10:30 &#8211; &#8220;Pasta Song&#8221; &#8211; music and dance performance by the Hungarian-Italian Bilingual Primary School of \u00dajlak<br \/>10:40-12:30 &#8211; Handicraft activities related to Italy<\/p>\n\n\n\n<p>The event will be streamed online on our Facebook page, and video and photos will be taken and posted on the Gallery&#8217;s and the partner institution&#8217;s website and other social media platforms. By participating in the programme, you agree that recordings may be made and used.<\/p>\n\n\n\n<p>In cooperation with: Hungarian-Italian Bilingual Primary School in \u00dajlak<\/p>\n","protected":false},"featured_media":32065,"template":"","categories":[],"tags":[],"cimke":[],"class_list":["post-35354","programok","type-programok","status-publish","has-post-thumbnail","hentry"],"acf":[],"yoast_head":"<!-- This site is optimized with the Yoast SEO plugin v26.8 - https:\/\/yoast.com\/product\/yoast-seo-wordpress\/ -->\n<title>Pizza and art &#8211; De\u00e1k17 Gal\u00e9ria<\/title>\n<meta name=\"robots\" content=\"index, follow, max-snippet:-1, max-image-preview:large, max-video-preview:-1\" \/>\n<link rel=\"canonical\" href=\"https:\/\/deak17galeria.hu\/en\/programs\/pizza-and-art\/\" \/>\n<meta property=\"og:locale\" content=\"en_US\" \/>\n<meta property=\"og:type\" content=\"article\" \/>\n<meta property=\"og:title\" content=\"Pizza and art &#8211; De\u00e1k17 Gal\u00e9ria\" \/>\n<meta property=\"og:description\" content=\"Dear Children Around the World! In February we&#8217;re heading to a popular destination, Italy. We&#8217;ll travel through the ages of art and then arrive in the present. Italian pasta and pizzas, high on the list of Hungarian children&#8217;s favourite foods,&hellip;\" \/>\n<meta property=\"og:url\" content=\"https:\/\/deak17galeria.hu\/en\/programs\/pizza-and-art\/\" \/>\n<meta property=\"og:site_name\" content=\"De\u00e1k17 Gal\u00e9ria\" \/>\n<meta property=\"article:publisher\" content=\"https:\/\/www.facebook.com\/deak17galeria\" \/>\n<meta property=\"og:image\" content=\"https:\/\/deak17galeria.hu\/wp-content\/uploads\/2025\/01\/VILAGJARO-GYEREKEK.png\" \/>\n\t<meta property=\"og:image:width\" content=\"1350\" \/>\n\t<meta property=\"og:image:height\" content=\"650\" \/>\n\t<meta property=\"og:image:type\" content=\"image\/png\" \/>\n<meta name=\"twitter:card\" content=\"summary_large_image\" \/>\n<meta name=\"twitter:label1\" content=\"Est. reading time\" \/>\n\t<meta name=\"twitter:data1\" content=\"1 minute\" \/>\n<script type=\"application\/ld+json\" class=\"yoast-schema-graph\">{\"@context\":\"https:\/\/schema.org\",\"@graph\":[{\"@type\":\"WebPage\",\"@id\":\"https:\/\/deak17galeria.hu\/en\/programs\/pizza-and-art\/\",\"url\":\"https:\/\/deak17galeria.hu\/en\/programs\/pizza-and-art\/\",\"name\":\"Pizza and art &#8211; De\u00e1k17 Gal\u00e9ria\",\"isPartOf\":{\"@id\":\"https:\/\/deak17galeria.hu\/#website\"},\"primaryImageOfPage\":{\"@id\":\"https:\/\/deak17galeria.hu\/en\/programs\/pizza-and-art\/#primaryimage\"},\"image\":{\"@id\":\"https:\/\/deak17galeria.hu\/en\/programs\/pizza-and-art\/#primaryimage\"},\"thumbnailUrl\":\"https:\/\/deak17galeria.hu\/wp-content\/uploads\/2025\/01\/VILAGJARO-GYEREKEK.png\",\"datePublished\":\"2025-07-02T15:22:15+00:00\",\"breadcrumb\":{\"@id\":\"https:\/\/deak17galeria.hu\/en\/programs\/pizza-and-art\/#breadcrumb\"},\"inLanguage\":\"en-US\",\"potentialAction\":[{\"@type\":\"ReadAction\",\"target\":[\"https:\/\/deak17galeria.hu\/en\/programs\/pizza-and-art\/\"]}]},{\"@type\":\"ImageObject\",\"inLanguage\":\"en-US\",\"@id\":\"https:\/\/deak17galeria.hu\/en\/programs\/pizza-and-art\/#primaryimage\",\"url\":\"https:\/\/deak17galeria.hu\/wp-content\/uploads\/2025\/01\/VILAGJARO-GYEREKEK.png\",\"contentUrl\":\"https:\/\/deak17galeria.hu\/wp-content\/uploads\/2025\/01\/VILAGJARO-GYEREKEK.png\",\"width\":1350,\"height\":650},{\"@type\":\"BreadcrumbList\",\"@id\":\"https:\/\/deak17galeria.hu\/en\/programs\/pizza-and-art\/#breadcrumb\",\"itemListElement\":[{\"@type\":\"ListItem\",\"position\":1,\"name\":\"Kezd\u0151lap\",\"item\":\"https:\/\/deak17galeria.hu\/en\/\"},{\"@type\":\"ListItem\",\"position\":2,\"name\":\"Programok\",\"item\":\"https:\/\/deak17galeria.hu\/programok\/\"},{\"@type\":\"ListItem\",\"position\":3,\"name\":\"Pizza and art\"}]},{\"@type\":\"WebSite\",\"@id\":\"https:\/\/deak17galeria.hu\/#website\",\"url\":\"https:\/\/deak17galeria.hu\/\",\"name\":\"De\u00e1k17 Gal\u00e9ria\",\"description\":\"Gyermek \u00e9s Ifj\u00fas\u00e1gi Gal\u00e9ria\",\"publisher\":{\"@id\":\"https:\/\/deak17galeria.hu\/#organization\"},\"potentialAction\":[{\"@type\":\"SearchAction\",\"target\":{\"@type\":\"EntryPoint\",\"urlTemplate\":\"https:\/\/deak17galeria.hu\/?s={search_term_string}\"},\"query-input\":{\"@type\":\"PropertyValueSpecification\",\"valueRequired\":true,\"valueName\":\"search_term_string\"}}],\"inLanguage\":\"en-US\"},{\"@type\":\"Organization\",\"@id\":\"https:\/\/deak17galeria.hu\/#organization\",\"name\":\"De\u00e1k17 Gyermek \u00e9s Ifj\u00fas\u00e1gi Gall\u00e9ria\",\"url\":\"https:\/\/deak17galeria.hu\/\",\"logo\":{\"@type\":\"ImageObject\",\"inLanguage\":\"en-US\",\"@id\":\"https:\/\/deak17galeria.hu\/#\/schema\/logo\/image\/\",\"url\":\"https:\/\/deak17galeria.hu\/wp-content\/uploads\/2021\/04\/d17-logo.png\",\"contentUrl\":\"https:\/\/deak17galeria.hu\/wp-content\/uploads\/2021\/04\/d17-logo.png\",\"width\":337,\"height\":229,\"caption\":\"De\u00e1k17 Gyermek \u00e9s Ifj\u00fas\u00e1gi Gall\u00e9ria\"},\"image\":{\"@id\":\"https:\/\/deak17galeria.hu\/#\/schema\/logo\/image\/\"},\"sameAs\":[\"https:\/\/www.facebook.com\/deak17galeria\"]}]}<\/script>\n<!-- \/ Yoast SEO plugin. -->","yoast_head_json":{"title":"Pizza and art &#8211; De\u00e1k17 Gal\u00e9ria","robots":{"index":"index","follow":"follow","max-snippet":"max-snippet:-1","max-image-preview":"max-image-preview:large","max-video-preview":"max-video-preview:-1"},"canonical":"https:\/\/deak17galeria.hu\/en\/programs\/pizza-and-art\/","og_locale":"en_US","og_type":"article","og_title":"Pizza and art &#8211; De\u00e1k17 Gal\u00e9ria","og_description":"Dear Children Around the World! In February we&#8217;re heading to a popular destination, Italy. We&#8217;ll travel through the ages of art and then arrive in the present. Italian pasta and pizzas, high on the list of Hungarian children&#8217;s favourite foods,&hellip;","og_url":"https:\/\/deak17galeria.hu\/en\/programs\/pizza-and-art\/","og_site_name":"De\u00e1k17 Gal\u00e9ria","article_publisher":"https:\/\/www.facebook.com\/deak17galeria","og_image":[{"width":1350,"height":650,"url":"https:\/\/deak17galeria.hu\/wp-content\/uploads\/2025\/01\/VILAGJARO-GYEREKEK.png","type":"image\/png"}],"twitter_card":"summary_large_image","twitter_misc":{"Est. reading time":"1 minute"},"schema":{"@context":"https:\/\/schema.org","@graph":[{"@type":"WebPage","@id":"https:\/\/deak17galeria.hu\/en\/programs\/pizza-and-art\/","url":"https:\/\/deak17galeria.hu\/en\/programs\/pizza-and-art\/","name":"Pizza and art &#8211; De\u00e1k17 Gal\u00e9ria","isPartOf":{"@id":"https:\/\/deak17galeria.hu\/#website"},"primaryImageOfPage":{"@id":"https:\/\/deak17galeria.hu\/en\/programs\/pizza-and-art\/#primaryimage"},"image":{"@id":"https:\/\/deak17galeria.hu\/en\/programs\/pizza-and-art\/#primaryimage"},"thumbnailUrl":"https:\/\/deak17galeria.hu\/wp-content\/uploads\/2025\/01\/VILAGJARO-GYEREKEK.png","datePublished":"2025-07-02T15:22:15+00:00","breadcrumb":{"@id":"https:\/\/deak17galeria.hu\/en\/programs\/pizza-and-art\/#breadcrumb"},"inLanguage":"en-US","potentialAction":[{"@type":"ReadAction","target":["https:\/\/deak17galeria.hu\/en\/programs\/pizza-and-art\/"]}]},{"@type":"ImageObject","inLanguage":"en-US","@id":"https:\/\/deak17galeria.hu\/en\/programs\/pizza-and-art\/#primaryimage","url":"https:\/\/deak17galeria.hu\/wp-content\/uploads\/2025\/01\/VILAGJARO-GYEREKEK.png","contentUrl":"https:\/\/deak17galeria.hu\/wp-content\/uploads\/2025\/01\/VILAGJARO-GYEREKEK.png","width":1350,"height":650},{"@type":"BreadcrumbList","@id":"https:\/\/deak17galeria.hu\/en\/programs\/pizza-and-art\/#breadcrumb","itemListElement":[{"@type":"ListItem","position":1,"name":"Kezd\u0151lap","item":"https:\/\/deak17galeria.hu\/en\/"},{"@type":"ListItem","position":2,"name":"Programok","item":"https:\/\/deak17galeria.hu\/programok\/"},{"@type":"ListItem","position":3,"name":"Pizza and art"}]},{"@type":"WebSite","@id":"https:\/\/deak17galeria.hu\/#website","url":"https:\/\/deak17galeria.hu\/","name":"De\u00e1k17 Gal\u00e9ria","description":"Gyermek \u00e9s Ifj\u00fas\u00e1gi Gal\u00e9ria","publisher":{"@id":"https:\/\/deak17galeria.hu\/#organization"},"potentialAction":[{"@type":"SearchAction","target":{"@type":"EntryPoint","urlTemplate":"https:\/\/deak17galeria.hu\/?s={search_term_string}"},"query-input":{"@type":"PropertyValueSpecification","valueRequired":true,"valueName":"search_term_string"}}],"inLanguage":"en-US"},{"@type":"Organization","@id":"https:\/\/deak17galeria.hu\/#organization","name":"De\u00e1k17 Gyermek \u00e9s Ifj\u00fas\u00e1gi Gall\u00e9ria","url":"https:\/\/deak17galeria.hu\/","logo":{"@type":"ImageObject","inLanguage":"en-US","@id":"https:\/\/deak17galeria.hu\/#\/schema\/logo\/image\/","url":"https:\/\/deak17galeria.hu\/wp-content\/uploads\/2021\/04\/d17-logo.png","contentUrl":"https:\/\/deak17galeria.hu\/wp-content\/uploads\/2021\/04\/d17-logo.png","width":337,"height":229,"caption":"De\u00e1k17 Gyermek \u00e9s Ifj\u00fas\u00e1gi Gall\u00e9ria"},"image":{"@id":"https:\/\/deak17galeria.hu\/#\/schema\/logo\/image\/"},"sameAs":["https:\/\/www.facebook.com\/deak17galeria"]}]}},"_links":{"self":[{"href":"https:\/\/deak17galeria.hu\/en\/wp-json\/wp\/v2\/programok\/35354","targetHints":{"allow":["GET"]}}],"collection":[{"href":"https:\/\/deak17galeria.hu\/en\/wp-json\/wp\/v2\/programok"}],"about":[{"href":"https:\/\/deak17galeria.hu\/en\/wp-json\/wp\/v2\/types\/programok"}],"wp:featuredmedia":[{"embeddable":true,"href":"https:\/\/deak17galeria.hu\/en\/wp-json\/wp\/v2\/media\/32065"}],"wp:attachment":[{"href":"https:\/\/deak17galeria.hu\/en\/wp-json\/wp\/v2\/media?parent=35354"}],"wp:term":[{"taxonomy":"category","embeddable":true,"href":"https:\/\/deak17galeria.hu\/en\/wp-json\/wp\/v2\/categories?post=35354"},{"taxonomy":"post_tag","embeddable":true,"href":"https:\/\/deak17galeria.hu\/en\/wp-json\/wp\/v2\/tags?post=35354"},{"taxonomy":"cimke","embeddable":true,"href":"https:\/\/deak17galeria.hu\/en\/wp-json\/wp\/v2\/cimke?post=35354"}],"curies":[{"name":"wp","href":"https:\/\/api.w.org\/{rel}","templated":true}]}}