{"id":44882,"date":"2026-08-25T15:39:43","date_gmt":"2026-08-25T15:39:43","guid":{"rendered":"https:\/\/deak17galeria.hu\/?post_type=kiallitasok&#038;p=44882"},"modified":"2026-08-26T13:41:29","modified_gmt":"2026-08-26T13:41:29","slug":"dwelling-impact","status":"publish","type":"kiallitasok","link":"https:\/\/deak17galeria.hu\/en\/exhibitions\/dwelling-impact\/","title":{"rendered":"DWELLING | IMPACT"},"content":{"rendered":"\n<p>The exhibition brings together the best submissions to the \u201eDwelling | Impact\u201d open call, exploring housing through the perspectives of young artists, with a focus on the personal and social dimensions of home, displacement, and creating a place to live. Presented in the courtyard of Budapest City Hall Park, the works reflect on housing changes affecting a generation, as well as the uncertainties and opportunities they bring, opening a dialogue on the evolving meaning of home.<\/p>\n\n\n\n<p><strong>Opening<\/strong>: 25 September 2026, Friday 16:00<br \/><strong>On view:<\/strong> 25 September 2026 \u2013 8 January 2027<\/p>\n\n\n\n<p><strong>Exhibiting artists<\/strong>: Lili\u00e1na BOGN\u00c1R, Fruzsina F\u00d6LDESI, Leila F\u0170R\u00c9SZ, Bettina G\u00c1SP\u00c1R, R\u00e9ka K\u00d6K\u00c9NYESI, Zo\u00e9 Anna KRIV\u00c1CSI, Kitti LENDVAI, Lili LIEB, Zs\u00f3fia MALLER, Leila (Rio) M\u00d3R\u00c9, Martina NAGY, Bianka N\u00c9METH, Natasa PAPP, Rajmund Bal\u00e1zs PRATSER, Manda S\u00c1RK\u00d6ZI, D\u00f3ra SIPOS, Laura SIPOS, Eliza SZARVAS, L\u00e9na SZARVAS, Lili Zs\u00f3fi SZEKERES, Izabell Zara SZIKORA, Johanna TIMM<\/p>\n","protected":false},"excerpt":{"rendered":"<p>The exhibition brings together the best submissions to the \u201eDwelling | Impact\u201d open call, exploring housing through the perspectives of young artists, with a focus on the personal and social dimensions of home, displacement, and creating a place to live.&hellip;<\/p>\n<a class=\"read-more-link\" title=\"DWELLING | IMPACT\" href=\" https:\/\/deak17galeria.hu\/en\/exhibitions\/dwelling-impact\/ \">Read more <span class=\"screen-reader-text\">\"DWELLING | IMPACT\"<\/span><\/a>","protected":false},"featured_media":44902,"template":"","meta":{"_acf_changed":true},"categories":[819],"tags":[],"cimke":[],"class_list":["post-44882","kiallitasok","type-kiallitasok","status-publish","has-post-thumbnail","hentry","category-main-content"],"acf":[],"yoast_head":"<!-- This site is optimized with the Yoast SEO plugin v26.8 - https:\/\/yoast.com\/product\/yoast-seo-wordpress\/ -->\n<title>DWELLING | IMPACT &#8211; De\u00e1k17 Gal\u00e9ria<\/title>\n<meta name=\"robots\" content=\"index, follow, max-snippet:-1, max-image-preview:large, max-video-preview:-1\" \/>\n<link rel=\"canonical\" href=\"https:\/\/deak17galeria.hu\/en\/exhibitions\/dwelling-impact\/\" \/>\n<meta property=\"og:locale\" content=\"en_US\" \/>\n<meta property=\"og:type\" content=\"article\" \/>\n<meta property=\"og:title\" content=\"DWELLING | IMPACT &#8211; De\u00e1k17 Gal\u00e9ria\" \/>\n<meta property=\"og:description\" content=\"The exhibition brings together the best submissions to the \u201eDwelling | Impact\u201d open call, exploring housing through the perspectives of young artists, with a focus on the personal and social dimensions of home, displacement, and creating a place to live.&hellip;\" \/>\n<meta property=\"og:url\" content=\"https:\/\/deak17galeria.hu\/en\/exhibitions\/dwelling-impact\/\" \/>\n<meta property=\"og:site_name\" content=\"De\u00e1k17 Gal\u00e9ria\" \/>\n<meta property=\"article:publisher\" content=\"https:\/\/www.facebook.com\/deak17galeria\" \/>\n<meta property=\"article:modified_time\" content=\"2026-08-26T13:41:29+00:00\" \/>\n<meta property=\"og:image\" content=\"https:\/\/deak17galeria.hu\/wp-content\/uploads\/2026\/08\/d17_lak-hatas_2026_cover_v1_0818-1024x536.jpg\" \/>\n\t<meta property=\"og:image:width\" content=\"1024\" \/>\n\t<meta property=\"og:image:height\" content=\"536\" \/>\n\t<meta property=\"og:image:type\" content=\"image\/jpeg\" \/>\n<meta name=\"twitter:card\" content=\"summary_large_image\" \/>\n<meta name=\"twitter:label1\" content=\"Est. reading time\" \/>\n\t<meta name=\"twitter:data1\" content=\"1 minute\" \/>\n<script type=\"application\/ld+json\" class=\"yoast-schema-graph\">{\"@context\":\"https:\/\/schema.org\",\"@graph\":[{\"@type\":\"WebPage\",\"@id\":\"https:\/\/deak17galeria.hu\/en\/exhibitions\/dwelling-impact\/\",\"url\":\"https:\/\/deak17galeria.hu\/en\/exhibitions\/dwelling-impact\/\",\"name\":\"DWELLING | IMPACT &#8211; De\u00e1k17 Gal\u00e9ria\",\"isPartOf\":{\"@id\":\"https:\/\/deak17galeria.hu\/#website\"},\"primaryImageOfPage\":{\"@id\":\"https:\/\/deak17galeria.hu\/en\/exhibitions\/dwelling-impact\/#primaryimage\"},\"image\":{\"@id\":\"https:\/\/deak17galeria.hu\/en\/exhibitions\/dwelling-impact\/#primaryimage\"},\"thumbnailUrl\":\"https:\/\/deak17galeria.hu\/wp-content\/uploads\/2026\/08\/d17_lak-hatas_2026_cover_v1_0818-scaled.jpg\",\"datePublished\":\"2026-08-25T15:39:43+00:00\",\"dateModified\":\"2026-08-26T13:41:29+00:00\",\"breadcrumb\":{\"@id\":\"https:\/\/deak17galeria.hu\/en\/exhibitions\/dwelling-impact\/#breadcrumb\"},\"inLanguage\":\"en-US\",\"potentialAction\":[{\"@type\":\"ReadAction\",\"target\":[\"https:\/\/deak17galeria.hu\/en\/exhibitions\/dwelling-impact\/\"]}]},{\"@type\":\"ImageObject\",\"inLanguage\":\"en-US\",\"@id\":\"https:\/\/deak17galeria.hu\/en\/exhibitions\/dwelling-impact\/#primaryimage\",\"url\":\"https:\/\/deak17galeria.hu\/wp-content\/uploads\/2026\/08\/d17_lak-hatas_2026_cover_v1_0818-scaled.jpg\",\"contentUrl\":\"https:\/\/deak17galeria.hu\/wp-content\/uploads\/2026\/08\/d17_lak-hatas_2026_cover_v1_0818-scaled.jpg\",\"width\":2560,\"height\":1340},{\"@type\":\"BreadcrumbList\",\"@id\":\"https:\/\/deak17galeria.hu\/en\/exhibitions\/dwelling-impact\/#breadcrumb\",\"itemListElement\":[{\"@type\":\"ListItem\",\"position\":1,\"name\":\"Kezd\u0151lap\",\"item\":\"https:\/\/deak17galeria.hu\/en\/\"},{\"@type\":\"ListItem\",\"position\":2,\"name\":\"Ki\u00e1ll\u00edt\u00e1sok\",\"item\":\"https:\/\/deak17galeria.hu\/kiallitasok\/\"},{\"@type\":\"ListItem\",\"position\":3,\"name\":\"DWELLING | IMPACT\"}]},{\"@type\":\"WebSite\",\"@id\":\"https:\/\/deak17galeria.hu\/#website\",\"url\":\"https:\/\/deak17galeria.hu\/\",\"name\":\"De\u00e1k17 Gal\u00e9ria\",\"description\":\"Gyermek \u00e9s Ifj\u00fas\u00e1gi Gal\u00e9ria\",\"publisher\":{\"@id\":\"https:\/\/deak17galeria.hu\/#organization\"},\"potentialAction\":[{\"@type\":\"SearchAction\",\"target\":{\"@type\":\"EntryPoint\",\"urlTemplate\":\"https:\/\/deak17galeria.hu\/?s={search_term_string}\"},\"query-input\":{\"@type\":\"PropertyValueSpecification\",\"valueRequired\":true,\"valueName\":\"search_term_string\"}}],\"inLanguage\":\"en-US\"},{\"@type\":\"Organization\",\"@id\":\"https:\/\/deak17galeria.hu\/#organization\",\"name\":\"De\u00e1k17 Gyermek \u00e9s Ifj\u00fas\u00e1gi Gall\u00e9ria\",\"url\":\"https:\/\/deak17galeria.hu\/\",\"logo\":{\"@type\":\"ImageObject\",\"inLanguage\":\"en-US\",\"@id\":\"https:\/\/deak17galeria.hu\/#\/schema\/logo\/image\/\",\"url\":\"https:\/\/deak17galeria.hu\/wp-content\/uploads\/2021\/04\/d17-logo.png\",\"contentUrl\":\"https:\/\/deak17galeria.hu\/wp-content\/uploads\/2021\/04\/d17-logo.png\",\"width\":337,\"height\":229,\"caption\":\"De\u00e1k17 Gyermek \u00e9s Ifj\u00fas\u00e1gi Gall\u00e9ria\"},\"image\":{\"@id\":\"https:\/\/deak17galeria.hu\/#\/schema\/logo\/image\/\"},\"sameAs\":[\"https:\/\/www.facebook.com\/deak17galeria\"]}]}<\/script>\n<!-- \/ Yoast SEO plugin. -->","yoast_head_json":{"title":"DWELLING | IMPACT &#8211; De\u00e1k17 Gal\u00e9ria","robots":{"index":"index","follow":"follow","max-snippet":"max-snippet:-1","max-image-preview":"max-image-preview:large","max-video-preview":"max-video-preview:-1"},"canonical":"https:\/\/deak17galeria.hu\/en\/exhibitions\/dwelling-impact\/","og_locale":"en_US","og_type":"article","og_title":"DWELLING | IMPACT &#8211; De\u00e1k17 Gal\u00e9ria","og_description":"The exhibition brings together the best submissions to the \u201eDwelling | Impact\u201d open call, exploring housing through the perspectives of young artists, with a focus on the personal and social dimensions of home, displacement, and creating a place to live.&hellip;","og_url":"https:\/\/deak17galeria.hu\/en\/exhibitions\/dwelling-impact\/","og_site_name":"De\u00e1k17 Gal\u00e9ria","article_publisher":"https:\/\/www.facebook.com\/deak17galeria","article_modified_time":"2026-08-26T13:41:29+00:00","og_image":[{"width":1024,"height":536,"url":"https:\/\/deak17galeria.hu\/wp-content\/uploads\/2026\/08\/d17_lak-hatas_2026_cover_v1_0818-1024x536.jpg","type":"image\/jpeg"}],"twitter_card":"summary_large_image","twitter_misc":{"Est. reading time":"1 minute"},"schema":{"@context":"https:\/\/schema.org","@graph":[{"@type":"WebPage","@id":"https:\/\/deak17galeria.hu\/en\/exhibitions\/dwelling-impact\/","url":"https:\/\/deak17galeria.hu\/en\/exhibitions\/dwelling-impact\/","name":"DWELLING | IMPACT &#8211; De\u00e1k17 Gal\u00e9ria","isPartOf":{"@id":"https:\/\/deak17galeria.hu\/#website"},"primaryImageOfPage":{"@id":"https:\/\/deak17galeria.hu\/en\/exhibitions\/dwelling-impact\/#primaryimage"},"image":{"@id":"https:\/\/deak17galeria.hu\/en\/exhibitions\/dwelling-impact\/#primaryimage"},"thumbnailUrl":"https:\/\/deak17galeria.hu\/wp-content\/uploads\/2026\/08\/d17_lak-hatas_2026_cover_v1_0818-scaled.jpg","datePublished":"2026-08-25T15:39:43+00:00","dateModified":"2026-08-26T13:41:29+00:00","breadcrumb":{"@id":"https:\/\/deak17galeria.hu\/en\/exhibitions\/dwelling-impact\/#breadcrumb"},"inLanguage":"en-US","potentialAction":[{"@type":"ReadAction","target":["https:\/\/deak17galeria.hu\/en\/exhibitions\/dwelling-impact\/"]}]},{"@type":"ImageObject","inLanguage":"en-US","@id":"https:\/\/deak17galeria.hu\/en\/exhibitions\/dwelling-impact\/#primaryimage","url":"https:\/\/deak17galeria.hu\/wp-content\/uploads\/2026\/08\/d17_lak-hatas_2026_cover_v1_0818-scaled.jpg","contentUrl":"https:\/\/deak17galeria.hu\/wp-content\/uploads\/2026\/08\/d17_lak-hatas_2026_cover_v1_0818-scaled.jpg","width":2560,"height":1340},{"@type":"BreadcrumbList","@id":"https:\/\/deak17galeria.hu\/en\/exhibitions\/dwelling-impact\/#breadcrumb","itemListElement":[{"@type":"ListItem","position":1,"name":"Kezd\u0151lap","item":"https:\/\/deak17galeria.hu\/en\/"},{"@type":"ListItem","position":2,"name":"Ki\u00e1ll\u00edt\u00e1sok","item":"https:\/\/deak17galeria.hu\/kiallitasok\/"},{"@type":"ListItem","position":3,"name":"DWELLING | IMPACT"}]},{"@type":"WebSite","@id":"https:\/\/deak17galeria.hu\/#website","url":"https:\/\/deak17galeria.hu\/","name":"De\u00e1k17 Gal\u00e9ria","description":"Gyermek \u00e9s Ifj\u00fas\u00e1gi Gal\u00e9ria","publisher":{"@id":"https:\/\/deak17galeria.hu\/#organization"},"potentialAction":[{"@type":"SearchAction","target":{"@type":"EntryPoint","urlTemplate":"https:\/\/deak17galeria.hu\/?s={search_term_string}"},"query-input":{"@type":"PropertyValueSpecification","valueRequired":true,"valueName":"search_term_string"}}],"inLanguage":"en-US"},{"@type":"Organization","@id":"https:\/\/deak17galeria.hu\/#organization","name":"De\u00e1k17 Gyermek \u00e9s Ifj\u00fas\u00e1gi Gall\u00e9ria","url":"https:\/\/deak17galeria.hu\/","logo":{"@type":"ImageObject","inLanguage":"en-US","@id":"https:\/\/deak17galeria.hu\/#\/schema\/logo\/image\/","url":"https:\/\/deak17galeria.hu\/wp-content\/uploads\/2021\/04\/d17-logo.png","contentUrl":"https:\/\/deak17galeria.hu\/wp-content\/uploads\/2021\/04\/d17-logo.png","width":337,"height":229,"caption":"De\u00e1k17 Gyermek \u00e9s Ifj\u00fas\u00e1gi Gall\u00e9ria"},"image":{"@id":"https:\/\/deak17galeria.hu\/#\/schema\/logo\/image\/"},"sameAs":["https:\/\/www.facebook.com\/deak17galeria"]}]}},"_links":{"self":[{"href":"https:\/\/deak17galeria.hu\/en\/wp-json\/wp\/v2\/kiallitasok\/44882","targetHints":{"allow":["GET"]}}],"collection":[{"href":"https:\/\/deak17galeria.hu\/en\/wp-json\/wp\/v2\/kiallitasok"}],"about":[{"href":"https:\/\/deak17galeria.hu\/en\/wp-json\/wp\/v2\/types\/kiallitasok"}],"wp:featuredmedia":[{"embeddable":true,"href":"https:\/\/deak17galeria.hu\/en\/wp-json\/wp\/v2\/media\/44902"}],"wp:attachment":[{"href":"https:\/\/deak17galeria.hu\/en\/wp-json\/wp\/v2\/media?parent=44882"}],"wp:term":[{"taxonomy":"category","embeddable":true,"href":"https:\/\/deak17galeria.hu\/en\/wp-json\/wp\/v2\/categories?post=44882"},{"taxonomy":"post_tag","embeddable":true,"href":"https:\/\/deak17galeria.hu\/en\/wp-json\/wp\/v2\/tags?post=44882"},{"taxonomy":"cimke","embeddable":true,"href":"https:\/\/deak17galeria.hu\/en\/wp-json\/wp\/v2\/cimke?post=44882"}],"curies":[{"name":"wp","href":"https:\/\/api.w.org\/{rel}","templated":true}]}}