{"id":29474,"date":"2024-09-05T12:23:53","date_gmt":"2024-09-05T12:23:53","guid":{"rendered":"http:\/\/deak17galeria.hu\/?post_type=kiallitasok&#038;p=29474"},"modified":"2024-10-22T10:09:56","modified_gmt":"2024-10-22T10:09:56","slug":"future-vision-all-success-begins-with-a-dream","status":"publish","type":"kiallitasok","link":"https:\/\/deak17galeria.hu\/en\/exhibitions\/future-vision-all-success-begins-with-a-dream\/","title":{"rendered":"FUTURE VISION &#8211; ALL SUCCESS BEGINS WITH A DREAM"},"content":{"rendered":"\n<p>A vision is not simply a list of things you want to achieve. The vision of the future is an idea saturated with emotions and motivation in a person&#8217;s mind and world of thoughts about his personal future and all its significant areas. It can mean desires, plans, hopes, which can become goals over time, but it can also contain values and even a sense of mission.<br \/><\/p>\n\n\n\n<p>In close cooperation, the RomKult Foundation and De\u00e1k17 Youth Art Gallery have announced their national art competition entitled FUTURE VISION for students of Roma origin between the ages of 6 and 18, te works deemed the best by the professional jury will be exhibited.<\/p>\n\n\n\n<hr class=\"wp-block-separator has-text-color has-background has-luminous-vivid-orange-background-color has-luminous-vivid-orange-color is-style-wide\"\/>\n\n\n\n<p class=\"has-text-align-center\"><strong>The list of artists selected for the exhibition by the professional jury:<\/strong><\/p>\n\n\n\n<p class=\"has-text-align-center\"><em>Brendon Bakr\u00f3 &#8211; \u00c1rp\u00e1d J\u00f3zsef Baranyai &#8211; Brigitta Margit Baranyai &#8211; Melani Berki- Tifani Berki &#8211; F\u00e9lix B\u00f3di &#8211; Gr\u00e9ta Martina B\u00f3di &#8211; M\u00e1ri\u00f3 Gyula B\u00f3di &#8211; Dominik Fekete &#8211; S\u00e1ndor M\u00e1t\u00e9 Gurbai &#8211; Tam\u00e1s Gy\u0151ri &#8211; Adri\u00e1n Havasi &#8211; Istv\u00e1n Horv\u00e1th &#8211; Karina Horv\u00e1th &#8211; Ki\u00e1ra Kamilla Horv\u00e1th &#8211; Leila Nelli Horv\u00e1th &#8211; Mikl\u00f3s Rik\u00e1rd\u00f3 Horv\u00e1th &#8211; Eszter Lili Juh\u00e1sz &#8211; K\u00e1rmen Di\u00e1na K\u00e1sa &#8211; Alexa Kiss &#8211; Valentina Kiss &#8211; Barbara Kolozsv\u00e1ri &#8211; Roland Lakatos &#8211; Dorina Moh\u00e1csi &#8211; S\u00e1ndor Moh\u00e1csi &#8211; Adri\u00e1n Monori &#8211; Georgina Ny\u00e1ri &#8211; Gabriella Zo\u00e9 Nyerlucz &#8211; Vikt\u00f3ria Vivien Ol\u00e1h &#8211; D\u00e1niel \u00d6tv\u00f6s &#8211; J\u00e1zmin P\u00e1cz &#8211; Br\u00e1jen Pap &#8211; Szimonetta Pap &#8211; Klarissza P\u00f3kos &#8211;  M\u00e1rton P\u00f3kos &#8211; Vanda Pongr\u00e1cz &#8211; Benj\u00e1min Pusomi &#8211; L\u00e1szl\u00f3 R\u00e1cz &#8211; Edina R\u00e9v\u00e9sz &#8211; Izabella Risi &#8211; J\u00e1zmin Sal\u00e1t &#8211; F\u00e9lix Seres &#8211; R\u00f3me\u00f3 Seres &#8211; Zsuzsanna Julianna Szarka &#8211; Erina Szegv\u00e1ri &#8211; Zea M\u00e1ria Toldi-Simon &#8211; Zo\u00e1rd Tam\u00e1s Toldi-Simon &#8211; Laura Rebeka Varga &#8211; Zsuzsanna Varga<\/em><\/p>\n\n\n\n<hr class=\"wp-block-separator has-text-color has-background has-luminous-vivid-orange-background-color has-luminous-vivid-orange-color is-style-wide\"\/>\n\n\n\n<p><strong>Opening: Thursday, September 5, 2024, 11:00 a.m<br \/>Greetings by: M\u00f3nika R\u00f3zsa, curator of the RomKult Foundation<br \/>Opening speech by: visual artist Ferenc Kunhegyesi, member of the National Association of Hungarian Artists and Tibor Balogh, visual artist<br \/>Musical contributor: Nikoletta Sz\u0151ke, M\u00e1t\u00e9 P\u00e9ter-prize-winning jazz singer<br \/>On view: September 6 &#8211; October 12, 2024.<br \/>In cooperation with: RomKult Alap\u00edtv\u00e1ny, Budapest T\u00f6rt\u00e9neti M\u00fazeum, Budapest B\u00e1bsz\u00ednh\u00e1z, F\u0151v\u00e1rosi \u00c1llat- \u00e9s N\u00f6v\u00e9nykert, Cerkabella K\u00f6nyvkiad\u00f3<\/strong><\/p>\n","protected":false},"excerpt":{"rendered":"<p>A vision is not simply a list of things you want to achieve. The vision of the future is an idea saturated with emotions and motivation in a person&#8217;s mind and world of thoughts about his personal future and all&hellip;<\/p>\n<a class=\"read-more-link\" title=\"FUTURE VISION &#8211; ALL SUCCESS BEGINS WITH A DREAM\" href=\" https:\/\/deak17galeria.hu\/en\/exhibitions\/future-vision-all-success-begins-with-a-dream\/ \">Read more <span class=\"screen-reader-text\">\"FUTURE VISION &#8211; ALL SUCCESS BEGINS WITH A DREAM\"<\/span><\/a>","protected":false},"featured_media":29364,"template":"","meta":{"_acf_changed":false},"categories":[],"tags":[],"cimke":[],"class_list":["post-29474","kiallitasok","type-kiallitasok","status-publish","has-post-thumbnail","hentry"],"acf":[],"yoast_head":"<!-- This site is optimized with the Yoast SEO plugin v26.8 - https:\/\/yoast.com\/product\/yoast-seo-wordpress\/ -->\n<title>FUTURE VISION - ALL SUCCESS BEGINS WITH A DREAM &#8211; De\u00e1k17 Gal\u00e9ria<\/title>\n<meta name=\"robots\" content=\"index, follow, max-snippet:-1, max-image-preview:large, max-video-preview:-1\" \/>\n<link rel=\"canonical\" href=\"https:\/\/deak17galeria.hu\/exhibitions\/jovokep-minden-siker-egy-alommal-kezdodik\/\" \/>\n<meta property=\"og:locale\" content=\"en_US\" \/>\n<meta property=\"og:type\" content=\"article\" \/>\n<meta property=\"og:title\" content=\"FUTURE VISION - ALL SUCCESS BEGINS WITH A DREAM &#8211; De\u00e1k17 Gal\u00e9ria\" \/>\n<meta property=\"og:description\" content=\"A vision is not simply a list of things you want to achieve. The vision of the future is an idea saturated with emotions and motivation in a person&#8217;s mind and world of thoughts about his personal future and all&hellip;\" \/>\n<meta property=\"og:url\" content=\"https:\/\/deak17galeria.hu\/exhibitions\/jovokep-minden-siker-egy-alommal-kezdodik\/\" \/>\n<meta property=\"og:site_name\" content=\"De\u00e1k17 Gal\u00e9ria\" \/>\n<meta property=\"article:publisher\" content=\"https:\/\/www.facebook.com\/deak17galeria\" \/>\n<meta property=\"article:modified_time\" content=\"2024-10-22T10:09:56+00:00\" \/>\n<meta property=\"og:image\" content=\"https:\/\/deak17galeria.hu\/wp-content\/uploads\/2024\/08\/d17_jovokep_web-cover_2024-scaled.jpg\" \/>\n\t<meta property=\"og:image:width\" content=\"2560\" \/>\n\t<meta property=\"og:image:height\" content=\"1340\" \/>\n\t<meta property=\"og:image:type\" content=\"image\/jpeg\" \/>\n<meta name=\"twitter:card\" content=\"summary_large_image\" \/>\n<meta name=\"twitter:label1\" content=\"Est. reading time\" \/>\n\t<meta name=\"twitter:data1\" content=\"2 minutes\" \/>\n<script type=\"application\/ld+json\" class=\"yoast-schema-graph\">{\"@context\":\"https:\/\/schema.org\",\"@graph\":[{\"@type\":\"WebPage\",\"@id\":\"https:\/\/deak17galeria.hu\/exhibitions\/jovokep-minden-siker-egy-alommal-kezdodik\/\",\"url\":\"https:\/\/deak17galeria.hu\/exhibitions\/jovokep-minden-siker-egy-alommal-kezdodik\/\",\"name\":\"FUTURE VISION - ALL SUCCESS BEGINS WITH A DREAM &#8211; De\u00e1k17 Gal\u00e9ria\",\"isPartOf\":{\"@id\":\"https:\/\/deak17galeria.hu\/#website\"},\"primaryImageOfPage\":{\"@id\":\"https:\/\/deak17galeria.hu\/exhibitions\/jovokep-minden-siker-egy-alommal-kezdodik\/#primaryimage\"},\"image\":{\"@id\":\"https:\/\/deak17galeria.hu\/exhibitions\/jovokep-minden-siker-egy-alommal-kezdodik\/#primaryimage\"},\"thumbnailUrl\":\"https:\/\/deak17galeria.hu\/wp-content\/uploads\/2024\/08\/d17_jovokep_web-cover_2024-scaled.jpg\",\"datePublished\":\"2024-09-05T12:23:53+00:00\",\"dateModified\":\"2024-10-22T10:09:56+00:00\",\"breadcrumb\":{\"@id\":\"https:\/\/deak17galeria.hu\/exhibitions\/jovokep-minden-siker-egy-alommal-kezdodik\/#breadcrumb\"},\"inLanguage\":\"en-US\",\"potentialAction\":[{\"@type\":\"ReadAction\",\"target\":[\"https:\/\/deak17galeria.hu\/exhibitions\/jovokep-minden-siker-egy-alommal-kezdodik\/\"]}]},{\"@type\":\"ImageObject\",\"inLanguage\":\"en-US\",\"@id\":\"https:\/\/deak17galeria.hu\/exhibitions\/jovokep-minden-siker-egy-alommal-kezdodik\/#primaryimage\",\"url\":\"https:\/\/deak17galeria.hu\/wp-content\/uploads\/2024\/08\/d17_jovokep_web-cover_2024-scaled.jpg\",\"contentUrl\":\"https:\/\/deak17galeria.hu\/wp-content\/uploads\/2024\/08\/d17_jovokep_web-cover_2024-scaled.jpg\",\"width\":2560,\"height\":1340},{\"@type\":\"BreadcrumbList\",\"@id\":\"https:\/\/deak17galeria.hu\/exhibitions\/jovokep-minden-siker-egy-alommal-kezdodik\/#breadcrumb\",\"itemListElement\":[{\"@type\":\"ListItem\",\"position\":1,\"name\":\"Kezd\u0151lap\",\"item\":\"https:\/\/deak17galeria.hu\/en\/\"},{\"@type\":\"ListItem\",\"position\":2,\"name\":\"Ki\u00e1ll\u00edt\u00e1sok\",\"item\":\"https:\/\/deak17galeria.hu\/kiallitasok\/\"},{\"@type\":\"ListItem\",\"position\":3,\"name\":\"FUTURE VISION &#8211; ALL SUCCESS BEGINS WITH A DREAM\"}]},{\"@type\":\"WebSite\",\"@id\":\"https:\/\/deak17galeria.hu\/#website\",\"url\":\"https:\/\/deak17galeria.hu\/\",\"name\":\"De\u00e1k17 Gal\u00e9ria\",\"description\":\"Gyermek \u00e9s Ifj\u00fas\u00e1gi Gal\u00e9ria\",\"publisher\":{\"@id\":\"https:\/\/deak17galeria.hu\/#organization\"},\"potentialAction\":[{\"@type\":\"SearchAction\",\"target\":{\"@type\":\"EntryPoint\",\"urlTemplate\":\"https:\/\/deak17galeria.hu\/?s={search_term_string}\"},\"query-input\":{\"@type\":\"PropertyValueSpecification\",\"valueRequired\":true,\"valueName\":\"search_term_string\"}}],\"inLanguage\":\"en-US\"},{\"@type\":\"Organization\",\"@id\":\"https:\/\/deak17galeria.hu\/#organization\",\"name\":\"De\u00e1k17 Gyermek \u00e9s Ifj\u00fas\u00e1gi Gall\u00e9ria\",\"url\":\"https:\/\/deak17galeria.hu\/\",\"logo\":{\"@type\":\"ImageObject\",\"inLanguage\":\"en-US\",\"@id\":\"https:\/\/deak17galeria.hu\/#\/schema\/logo\/image\/\",\"url\":\"https:\/\/deak17galeria.hu\/wp-content\/uploads\/2021\/04\/d17-logo.png\",\"contentUrl\":\"https:\/\/deak17galeria.hu\/wp-content\/uploads\/2021\/04\/d17-logo.png\",\"width\":337,\"height\":229,\"caption\":\"De\u00e1k17 Gyermek \u00e9s Ifj\u00fas\u00e1gi Gall\u00e9ria\"},\"image\":{\"@id\":\"https:\/\/deak17galeria.hu\/#\/schema\/logo\/image\/\"},\"sameAs\":[\"https:\/\/www.facebook.com\/deak17galeria\"]}]}<\/script>\n<!-- \/ Yoast SEO plugin. -->","yoast_head_json":{"title":"FUTURE VISION - ALL SUCCESS BEGINS WITH A DREAM &#8211; De\u00e1k17 Gal\u00e9ria","robots":{"index":"index","follow":"follow","max-snippet":"max-snippet:-1","max-image-preview":"max-image-preview:large","max-video-preview":"max-video-preview:-1"},"canonical":"https:\/\/deak17galeria.hu\/exhibitions\/jovokep-minden-siker-egy-alommal-kezdodik\/","og_locale":"en_US","og_type":"article","og_title":"FUTURE VISION - ALL SUCCESS BEGINS WITH A DREAM &#8211; De\u00e1k17 Gal\u00e9ria","og_description":"A vision is not simply a list of things you want to achieve. The vision of the future is an idea saturated with emotions and motivation in a person&#8217;s mind and world of thoughts about his personal future and all&hellip;","og_url":"https:\/\/deak17galeria.hu\/exhibitions\/jovokep-minden-siker-egy-alommal-kezdodik\/","og_site_name":"De\u00e1k17 Gal\u00e9ria","article_publisher":"https:\/\/www.facebook.com\/deak17galeria","article_modified_time":"2024-10-22T10:09:56+00:00","og_image":[{"width":2560,"height":1340,"url":"https:\/\/deak17galeria.hu\/wp-content\/uploads\/2024\/08\/d17_jovokep_web-cover_2024-scaled.jpg","type":"image\/jpeg"}],"twitter_card":"summary_large_image","twitter_misc":{"Est. reading time":"2 minutes"},"schema":{"@context":"https:\/\/schema.org","@graph":[{"@type":"WebPage","@id":"https:\/\/deak17galeria.hu\/exhibitions\/jovokep-minden-siker-egy-alommal-kezdodik\/","url":"https:\/\/deak17galeria.hu\/exhibitions\/jovokep-minden-siker-egy-alommal-kezdodik\/","name":"FUTURE VISION - ALL SUCCESS BEGINS WITH A DREAM &#8211; De\u00e1k17 Gal\u00e9ria","isPartOf":{"@id":"https:\/\/deak17galeria.hu\/#website"},"primaryImageOfPage":{"@id":"https:\/\/deak17galeria.hu\/exhibitions\/jovokep-minden-siker-egy-alommal-kezdodik\/#primaryimage"},"image":{"@id":"https:\/\/deak17galeria.hu\/exhibitions\/jovokep-minden-siker-egy-alommal-kezdodik\/#primaryimage"},"thumbnailUrl":"https:\/\/deak17galeria.hu\/wp-content\/uploads\/2024\/08\/d17_jovokep_web-cover_2024-scaled.jpg","datePublished":"2024-09-05T12:23:53+00:00","dateModified":"2024-10-22T10:09:56+00:00","breadcrumb":{"@id":"https:\/\/deak17galeria.hu\/exhibitions\/jovokep-minden-siker-egy-alommal-kezdodik\/#breadcrumb"},"inLanguage":"en-US","potentialAction":[{"@type":"ReadAction","target":["https:\/\/deak17galeria.hu\/exhibitions\/jovokep-minden-siker-egy-alommal-kezdodik\/"]}]},{"@type":"ImageObject","inLanguage":"en-US","@id":"https:\/\/deak17galeria.hu\/exhibitions\/jovokep-minden-siker-egy-alommal-kezdodik\/#primaryimage","url":"https:\/\/deak17galeria.hu\/wp-content\/uploads\/2024\/08\/d17_jovokep_web-cover_2024-scaled.jpg","contentUrl":"https:\/\/deak17galeria.hu\/wp-content\/uploads\/2024\/08\/d17_jovokep_web-cover_2024-scaled.jpg","width":2560,"height":1340},{"@type":"BreadcrumbList","@id":"https:\/\/deak17galeria.hu\/exhibitions\/jovokep-minden-siker-egy-alommal-kezdodik\/#breadcrumb","itemListElement":[{"@type":"ListItem","position":1,"name":"Kezd\u0151lap","item":"https:\/\/deak17galeria.hu\/en\/"},{"@type":"ListItem","position":2,"name":"Ki\u00e1ll\u00edt\u00e1sok","item":"https:\/\/deak17galeria.hu\/kiallitasok\/"},{"@type":"ListItem","position":3,"name":"FUTURE VISION &#8211; ALL SUCCESS BEGINS WITH A DREAM"}]},{"@type":"WebSite","@id":"https:\/\/deak17galeria.hu\/#website","url":"https:\/\/deak17galeria.hu\/","name":"De\u00e1k17 Gal\u00e9ria","description":"Gyermek \u00e9s Ifj\u00fas\u00e1gi Gal\u00e9ria","publisher":{"@id":"https:\/\/deak17galeria.hu\/#organization"},"potentialAction":[{"@type":"SearchAction","target":{"@type":"EntryPoint","urlTemplate":"https:\/\/deak17galeria.hu\/?s={search_term_string}"},"query-input":{"@type":"PropertyValueSpecification","valueRequired":true,"valueName":"search_term_string"}}],"inLanguage":"en-US"},{"@type":"Organization","@id":"https:\/\/deak17galeria.hu\/#organization","name":"De\u00e1k17 Gyermek \u00e9s Ifj\u00fas\u00e1gi Gall\u00e9ria","url":"https:\/\/deak17galeria.hu\/","logo":{"@type":"ImageObject","inLanguage":"en-US","@id":"https:\/\/deak17galeria.hu\/#\/schema\/logo\/image\/","url":"https:\/\/deak17galeria.hu\/wp-content\/uploads\/2021\/04\/d17-logo.png","contentUrl":"https:\/\/deak17galeria.hu\/wp-content\/uploads\/2021\/04\/d17-logo.png","width":337,"height":229,"caption":"De\u00e1k17 Gyermek \u00e9s Ifj\u00fas\u00e1gi Gall\u00e9ria"},"image":{"@id":"https:\/\/deak17galeria.hu\/#\/schema\/logo\/image\/"},"sameAs":["https:\/\/www.facebook.com\/deak17galeria"]}]}},"_links":{"self":[{"href":"https:\/\/deak17galeria.hu\/en\/wp-json\/wp\/v2\/kiallitasok\/29474","targetHints":{"allow":["GET"]}}],"collection":[{"href":"https:\/\/deak17galeria.hu\/en\/wp-json\/wp\/v2\/kiallitasok"}],"about":[{"href":"https:\/\/deak17galeria.hu\/en\/wp-json\/wp\/v2\/types\/kiallitasok"}],"wp:featuredmedia":[{"embeddable":true,"href":"https:\/\/deak17galeria.hu\/en\/wp-json\/wp\/v2\/media\/29364"}],"wp:attachment":[{"href":"https:\/\/deak17galeria.hu\/en\/wp-json\/wp\/v2\/media?parent=29474"}],"wp:term":[{"taxonomy":"category","embeddable":true,"href":"https:\/\/deak17galeria.hu\/en\/wp-json\/wp\/v2\/categories?post=29474"},{"taxonomy":"post_tag","embeddable":true,"href":"https:\/\/deak17galeria.hu\/en\/wp-json\/wp\/v2\/tags?post=29474"},{"taxonomy":"cimke","embeddable":true,"href":"https:\/\/deak17galeria.hu\/en\/wp-json\/wp\/v2\/cimke?post=29474"}],"curies":[{"name":"wp","href":"https:\/\/api.w.org\/{rel}","templated":true}]}}