{"id":26756,"date":"2023-05-22T07:45:37","date_gmt":"2023-05-22T07:45:37","guid":{"rendered":"http:\/\/deak17galeria.hu\/?post_type=kiallitasok&#038;p=26756"},"modified":"2023-05-22T07:45:41","modified_gmt":"2023-05-22T07:45:41","slug":"update-available","status":"publish","type":"kiallitasok","link":"https:\/\/deak17galeria.hu\/en\/exhibitions\/update-available\/","title":{"rendered":"UPDATE AVAILABLE"},"content":{"rendered":"\n<p>The exhibition presents the results of the 30 years old T-Art Foundation&#8217;s supporting project of young artists, that started 5 years ago. The curational selection shows the artworks of 21 young artists. At the same time, the exhibition makes us reconsider the relevance of traditional panel paintings, scupltures, unique drawings and multiplier graphics as contemporary mediums in the 21st century.<\/p>\n\n\n\n<p><strong>Exhibiting artists: <\/strong>B\u00c1NYAY Anna, BAR\u00c1TH F\u00e1bi\u00e1n, CIFRA Anett, CSERVENKA Edit, CSORBA-SIMON Istv\u00e1n, DRABIK Tam\u00e1s, GERGELY R\u00e9ka, GULY\u00c1S Andrea, JAGICZA Patr\u00edcia, J\u00c1NOSI Kata, KECS\u0150 Endre, KIR\u00c1LY Gy\u00f6rgy, NAGY S\u00e1ra, \u0150RY Annam\u00e1ria, PETH\u0150 Anik\u00f3, SINKA P\u00e9ter, SZAB\u00d3 Franciska, T\u00d3TH Angelika, UTCAI D\u00e1vid, V\u00c9GH J\u00falia, VEREBICS Kati<\/p>\n\n\n\n<p><strong>Curator: <\/strong>Gr\u00e9ta GARAMI art historian<br \/><strong>Partner<\/strong>: T-Art Foundation<\/p>\n\n\n\n<p><strong>Opening:<\/strong> June 8th 2023 Thursday 5pm<strong><br \/>Opening speech by:<\/strong> Emese R\u00c9V\u00c9SZ art historian<strong><br \/>On view: <\/strong>2023.06.09. \u2013 09.09.<\/p>\n\n\n\n<p>Facebook event<\/p>\n","protected":false},"excerpt":{"rendered":"<p>The exhibition presents the results of the 30 years old T-Art Foundation&#8217;s supporting project of young artists, that started 5 years ago. The curational selection shows the artworks of 21 young artists. At the same time, the exhibition makes us&hellip;<\/p>\n<a class=\"read-more-link\" title=\"UPDATE AVAILABLE\" href=\" https:\/\/deak17galeria.hu\/en\/exhibitions\/update-available\/ \">Read more <span class=\"screen-reader-text\">\"UPDATE AVAILABLE\"<\/span><\/a>","protected":false},"featured_media":26749,"template":"","meta":{"_acf_changed":false},"categories":[],"tags":[],"cimke":[],"class_list":["post-26756","kiallitasok","type-kiallitasok","status-publish","has-post-thumbnail","hentry"],"acf":[],"yoast_head":"<!-- This site is optimized with the Yoast SEO plugin v26.8 - https:\/\/yoast.com\/product\/yoast-seo-wordpress\/ -->\n<title>UPDATE AVAILABLE &#8211; De\u00e1k17 Gal\u00e9ria<\/title>\n<meta name=\"description\" content=\"The exhibition invites us to think together about the relevance of traditional genres in contemporary fine art.\" \/>\n<meta name=\"robots\" content=\"index, follow, max-snippet:-1, max-image-preview:large, max-video-preview:-1\" \/>\n<link rel=\"canonical\" href=\"https:\/\/deak17galeria.hu\/exhibitions\/frissites-elerheto\/\" \/>\n<meta property=\"og:locale\" content=\"en_US\" \/>\n<meta property=\"og:type\" content=\"article\" \/>\n<meta property=\"og:title\" content=\"UPDATE AVAILABLE &#8211; De\u00e1k17 Gal\u00e9ria\" \/>\n<meta property=\"og:description\" content=\"The exhibition invites us to think together about the relevance of traditional genres in contemporary fine art.\" \/>\n<meta property=\"og:url\" content=\"https:\/\/deak17galeria.hu\/exhibitions\/frissites-elerheto\/\" \/>\n<meta property=\"og:site_name\" content=\"De\u00e1k17 Gal\u00e9ria\" \/>\n<meta property=\"article:publisher\" content=\"https:\/\/www.facebook.com\/deak17galeria\" \/>\n<meta property=\"article:modified_time\" content=\"2023-05-22T07:45:41+00:00\" \/>\n<meta property=\"og:image\" content=\"https:\/\/deak17galeria.hu\/wp-content\/uploads\/2023\/05\/d17_weboldal-1024x486.jpg\" \/>\n\t<meta property=\"og:image:width\" content=\"1024\" \/>\n\t<meta property=\"og:image:height\" content=\"486\" \/>\n\t<meta property=\"og:image:type\" content=\"image\/jpeg\" \/>\n<meta name=\"twitter:card\" content=\"summary_large_image\" \/>\n<meta name=\"twitter:label1\" content=\"Est. reading time\" \/>\n\t<meta name=\"twitter:data1\" content=\"1 minute\" \/>\n<script type=\"application\/ld+json\" class=\"yoast-schema-graph\">{\"@context\":\"https:\/\/schema.org\",\"@graph\":[{\"@type\":\"WebPage\",\"@id\":\"https:\/\/deak17galeria.hu\/exhibitions\/frissites-elerheto\/\",\"url\":\"https:\/\/deak17galeria.hu\/exhibitions\/frissites-elerheto\/\",\"name\":\"UPDATE AVAILABLE &#8211; De\u00e1k17 Gal\u00e9ria\",\"isPartOf\":{\"@id\":\"https:\/\/deak17galeria.hu\/#website\"},\"primaryImageOfPage\":{\"@id\":\"https:\/\/deak17galeria.hu\/exhibitions\/frissites-elerheto\/#primaryimage\"},\"image\":{\"@id\":\"https:\/\/deak17galeria.hu\/exhibitions\/frissites-elerheto\/#primaryimage\"},\"thumbnailUrl\":\"https:\/\/deak17galeria.hu\/wp-content\/uploads\/2023\/05\/d17_weboldal-scaled.jpg\",\"datePublished\":\"2023-05-22T07:45:37+00:00\",\"dateModified\":\"2023-05-22T07:45:41+00:00\",\"description\":\"The exhibition invites us to think together about the relevance of traditional genres in contemporary fine art.\",\"breadcrumb\":{\"@id\":\"https:\/\/deak17galeria.hu\/exhibitions\/frissites-elerheto\/#breadcrumb\"},\"inLanguage\":\"en-US\",\"potentialAction\":[{\"@type\":\"ReadAction\",\"target\":[\"https:\/\/deak17galeria.hu\/exhibitions\/frissites-elerheto\/\"]}]},{\"@type\":\"ImageObject\",\"inLanguage\":\"en-US\",\"@id\":\"https:\/\/deak17galeria.hu\/exhibitions\/frissites-elerheto\/#primaryimage\",\"url\":\"https:\/\/deak17galeria.hu\/wp-content\/uploads\/2023\/05\/d17_weboldal-scaled.jpg\",\"contentUrl\":\"https:\/\/deak17galeria.hu\/wp-content\/uploads\/2023\/05\/d17_weboldal-scaled.jpg\",\"width\":2560,\"height\":1214},{\"@type\":\"BreadcrumbList\",\"@id\":\"https:\/\/deak17galeria.hu\/exhibitions\/frissites-elerheto\/#breadcrumb\",\"itemListElement\":[{\"@type\":\"ListItem\",\"position\":1,\"name\":\"Kezd\u0151lap\",\"item\":\"https:\/\/deak17galeria.hu\/en\/\"},{\"@type\":\"ListItem\",\"position\":2,\"name\":\"Ki\u00e1ll\u00edt\u00e1sok\",\"item\":\"https:\/\/deak17galeria.hu\/kiallitasok\/\"},{\"@type\":\"ListItem\",\"position\":3,\"name\":\"UPDATE AVAILABLE\"}]},{\"@type\":\"WebSite\",\"@id\":\"https:\/\/deak17galeria.hu\/#website\",\"url\":\"https:\/\/deak17galeria.hu\/\",\"name\":\"De\u00e1k17 Gal\u00e9ria\",\"description\":\"Gyermek \u00e9s Ifj\u00fas\u00e1gi Gal\u00e9ria\",\"publisher\":{\"@id\":\"https:\/\/deak17galeria.hu\/#organization\"},\"potentialAction\":[{\"@type\":\"SearchAction\",\"target\":{\"@type\":\"EntryPoint\",\"urlTemplate\":\"https:\/\/deak17galeria.hu\/?s={search_term_string}\"},\"query-input\":{\"@type\":\"PropertyValueSpecification\",\"valueRequired\":true,\"valueName\":\"search_term_string\"}}],\"inLanguage\":\"en-US\"},{\"@type\":\"Organization\",\"@id\":\"https:\/\/deak17galeria.hu\/#organization\",\"name\":\"De\u00e1k17 Gyermek \u00e9s Ifj\u00fas\u00e1gi Gall\u00e9ria\",\"url\":\"https:\/\/deak17galeria.hu\/\",\"logo\":{\"@type\":\"ImageObject\",\"inLanguage\":\"en-US\",\"@id\":\"https:\/\/deak17galeria.hu\/#\/schema\/logo\/image\/\",\"url\":\"https:\/\/deak17galeria.hu\/wp-content\/uploads\/2021\/04\/d17-logo.png\",\"contentUrl\":\"https:\/\/deak17galeria.hu\/wp-content\/uploads\/2021\/04\/d17-logo.png\",\"width\":337,\"height\":229,\"caption\":\"De\u00e1k17 Gyermek \u00e9s Ifj\u00fas\u00e1gi Gall\u00e9ria\"},\"image\":{\"@id\":\"https:\/\/deak17galeria.hu\/#\/schema\/logo\/image\/\"},\"sameAs\":[\"https:\/\/www.facebook.com\/deak17galeria\"]}]}<\/script>\n<!-- \/ Yoast SEO plugin. -->","yoast_head_json":{"title":"UPDATE AVAILABLE &#8211; De\u00e1k17 Gal\u00e9ria","description":"The exhibition invites us to think together about the relevance of traditional genres in contemporary fine art.","robots":{"index":"index","follow":"follow","max-snippet":"max-snippet:-1","max-image-preview":"max-image-preview:large","max-video-preview":"max-video-preview:-1"},"canonical":"https:\/\/deak17galeria.hu\/exhibitions\/frissites-elerheto\/","og_locale":"en_US","og_type":"article","og_title":"UPDATE AVAILABLE &#8211; De\u00e1k17 Gal\u00e9ria","og_description":"The exhibition invites us to think together about the relevance of traditional genres in contemporary fine art.","og_url":"https:\/\/deak17galeria.hu\/exhibitions\/frissites-elerheto\/","og_site_name":"De\u00e1k17 Gal\u00e9ria","article_publisher":"https:\/\/www.facebook.com\/deak17galeria","article_modified_time":"2023-05-22T07:45:41+00:00","og_image":[{"width":1024,"height":486,"url":"https:\/\/deak17galeria.hu\/wp-content\/uploads\/2023\/05\/d17_weboldal-1024x486.jpg","type":"image\/jpeg"}],"twitter_card":"summary_large_image","twitter_misc":{"Est. reading time":"1 minute"},"schema":{"@context":"https:\/\/schema.org","@graph":[{"@type":"WebPage","@id":"https:\/\/deak17galeria.hu\/exhibitions\/frissites-elerheto\/","url":"https:\/\/deak17galeria.hu\/exhibitions\/frissites-elerheto\/","name":"UPDATE AVAILABLE &#8211; De\u00e1k17 Gal\u00e9ria","isPartOf":{"@id":"https:\/\/deak17galeria.hu\/#website"},"primaryImageOfPage":{"@id":"https:\/\/deak17galeria.hu\/exhibitions\/frissites-elerheto\/#primaryimage"},"image":{"@id":"https:\/\/deak17galeria.hu\/exhibitions\/frissites-elerheto\/#primaryimage"},"thumbnailUrl":"https:\/\/deak17galeria.hu\/wp-content\/uploads\/2023\/05\/d17_weboldal-scaled.jpg","datePublished":"2023-05-22T07:45:37+00:00","dateModified":"2023-05-22T07:45:41+00:00","description":"The exhibition invites us to think together about the relevance of traditional genres in contemporary fine art.","breadcrumb":{"@id":"https:\/\/deak17galeria.hu\/exhibitions\/frissites-elerheto\/#breadcrumb"},"inLanguage":"en-US","potentialAction":[{"@type":"ReadAction","target":["https:\/\/deak17galeria.hu\/exhibitions\/frissites-elerheto\/"]}]},{"@type":"ImageObject","inLanguage":"en-US","@id":"https:\/\/deak17galeria.hu\/exhibitions\/frissites-elerheto\/#primaryimage","url":"https:\/\/deak17galeria.hu\/wp-content\/uploads\/2023\/05\/d17_weboldal-scaled.jpg","contentUrl":"https:\/\/deak17galeria.hu\/wp-content\/uploads\/2023\/05\/d17_weboldal-scaled.jpg","width":2560,"height":1214},{"@type":"BreadcrumbList","@id":"https:\/\/deak17galeria.hu\/exhibitions\/frissites-elerheto\/#breadcrumb","itemListElement":[{"@type":"ListItem","position":1,"name":"Kezd\u0151lap","item":"https:\/\/deak17galeria.hu\/en\/"},{"@type":"ListItem","position":2,"name":"Ki\u00e1ll\u00edt\u00e1sok","item":"https:\/\/deak17galeria.hu\/kiallitasok\/"},{"@type":"ListItem","position":3,"name":"UPDATE AVAILABLE"}]},{"@type":"WebSite","@id":"https:\/\/deak17galeria.hu\/#website","url":"https:\/\/deak17galeria.hu\/","name":"De\u00e1k17 Gal\u00e9ria","description":"Gyermek \u00e9s Ifj\u00fas\u00e1gi Gal\u00e9ria","publisher":{"@id":"https:\/\/deak17galeria.hu\/#organization"},"potentialAction":[{"@type":"SearchAction","target":{"@type":"EntryPoint","urlTemplate":"https:\/\/deak17galeria.hu\/?s={search_term_string}"},"query-input":{"@type":"PropertyValueSpecification","valueRequired":true,"valueName":"search_term_string"}}],"inLanguage":"en-US"},{"@type":"Organization","@id":"https:\/\/deak17galeria.hu\/#organization","name":"De\u00e1k17 Gyermek \u00e9s Ifj\u00fas\u00e1gi Gall\u00e9ria","url":"https:\/\/deak17galeria.hu\/","logo":{"@type":"ImageObject","inLanguage":"en-US","@id":"https:\/\/deak17galeria.hu\/#\/schema\/logo\/image\/","url":"https:\/\/deak17galeria.hu\/wp-content\/uploads\/2021\/04\/d17-logo.png","contentUrl":"https:\/\/deak17galeria.hu\/wp-content\/uploads\/2021\/04\/d17-logo.png","width":337,"height":229,"caption":"De\u00e1k17 Gyermek \u00e9s Ifj\u00fas\u00e1gi Gall\u00e9ria"},"image":{"@id":"https:\/\/deak17galeria.hu\/#\/schema\/logo\/image\/"},"sameAs":["https:\/\/www.facebook.com\/deak17galeria"]}]}},"_links":{"self":[{"href":"https:\/\/deak17galeria.hu\/en\/wp-json\/wp\/v2\/kiallitasok\/26756","targetHints":{"allow":["GET"]}}],"collection":[{"href":"https:\/\/deak17galeria.hu\/en\/wp-json\/wp\/v2\/kiallitasok"}],"about":[{"href":"https:\/\/deak17galeria.hu\/en\/wp-json\/wp\/v2\/types\/kiallitasok"}],"wp:featuredmedia":[{"embeddable":true,"href":"https:\/\/deak17galeria.hu\/en\/wp-json\/wp\/v2\/media\/26749"}],"wp:attachment":[{"href":"https:\/\/deak17galeria.hu\/en\/wp-json\/wp\/v2\/media?parent=26756"}],"wp:term":[{"taxonomy":"category","embeddable":true,"href":"https:\/\/deak17galeria.hu\/en\/wp-json\/wp\/v2\/categories?post=26756"},{"taxonomy":"post_tag","embeddable":true,"href":"https:\/\/deak17galeria.hu\/en\/wp-json\/wp\/v2\/tags?post=26756"},{"taxonomy":"cimke","embeddable":true,"href":"https:\/\/deak17galeria.hu\/en\/wp-json\/wp\/v2\/cimke?post=26756"}],"curies":[{"name":"wp","href":"https:\/\/api.w.org\/{rel}","templated":true}]}}