{"id":25184,"date":"2022-10-06T13:29:19","date_gmt":"2022-10-06T13:29:19","guid":{"rendered":"http:\/\/deak17galeria.hu\/?post_type=kiallitasok&#038;p=25184"},"modified":"2022-10-07T10:38:12","modified_gmt":"2022-10-07T10:38:12","slug":"autonomous-anatomy","status":"publish","type":"kiallitasok","link":"https:\/\/deak17galeria.hu\/en\/exhibitions\/autonomous-anatomy\/","title":{"rendered":"AUTONOMOUS ANATOMY"},"content":{"rendered":"\n<p>Following the great traditions of Jen\u0151 Barcsay\u2019s artistic anatomy education \u2013 we can call the model\u2019s the 21st century addition D\u00e1niel Horv\u00e1th university adjuncts\u2019 project-based anatomy course. At the Hungarian University of Fine Arts and at the Eszterh\u00e1zy K\u00e1roly Catholic University he tutored this topic between 2014 and 2020 \u2013 the best student works of this era are selected in the exhibition. The course aimed to visually analyze and understand the human body, but exceeding mere studies, it evoked autonomous, original and free of genre limitations art works.<\/p>\n\n\n\n<p><strong>Curator:&nbsp;<\/strong>HORV\u00c1TH D\u00e1niel painter, university lecturer<\/p>\n\n\n\n<p><strong>Opening<em>:&nbsp;<\/em><\/strong>October 20. 5 pm<\/p>\n\n\n\n<p><strong>Opening speech by:&nbsp;<\/strong>SZ\u00c9PLAKY Gerda aesthete<\/p>\n\n\n\n<p><strong>On view:&nbsp;<\/strong>2022. 10. 21. \u2013 12. 17.<\/p>\n\n\n\n<p><strong>Partners:\u00a0<\/strong>Hungarian University of Fine Arts, Eszterh\u00e1zy K\u00e1roly Catholic University<\/p>\n\n\n\n<p><strong>Technical partner:<\/strong> AVIAN SYSTEMS Kft.<\/p>\n\n\n\n<p><a href=\"https:\/\/fb.me\/e\/5U5nwhWhK\" target=\"_blank\" rel=\"noreferrer noopener\">Facebook event<\/a><\/p>\n","protected":false},"excerpt":{"rendered":"<p>Following the great traditions of Jen\u0151 Barcsay\u2019s artistic anatomy education \u2013 we can call the model\u2019s the 21st century addition D\u00e1niel Horv\u00e1th university adjuncts\u2019 project-based anatomy course. At the Hungarian University of Fine Arts and at the Eszterh\u00e1zy K\u00e1roly Catholic&hellip;<\/p>\n<a class=\"read-more-link\" title=\"AUTONOMOUS ANATOMY\" href=\" https:\/\/deak17galeria.hu\/en\/exhibitions\/autonomous-anatomy\/ \">Read more <span class=\"screen-reader-text\">\"AUTONOMOUS ANATOMY\"<\/span><\/a>","protected":false},"featured_media":25183,"template":"","meta":{"_acf_changed":false},"categories":[],"tags":[],"cimke":[],"class_list":["post-25184","kiallitasok","type-kiallitasok","status-publish","has-post-thumbnail","hentry"],"acf":[],"yoast_head":"<!-- This site is optimized with the Yoast SEO plugin v26.8 - https:\/\/yoast.com\/product\/yoast-seo-wordpress\/ -->\n<title>AUTONOMOUS ANATOMY &#8211; De\u00e1k17 Gal\u00e9ria<\/title>\n<meta name=\"description\" content=\"Works of students of Hungarian University of Fine Arts and Eszterh\u00e1zy K\u00e1roly Catholic University\" \/>\n<meta name=\"robots\" content=\"index, follow, max-snippet:-1, max-image-preview:large, max-video-preview:-1\" \/>\n<link rel=\"canonical\" href=\"https:\/\/deak17galeria.hu\/exhibitions\/autonom-anatomia\/\" \/>\n<meta property=\"og:locale\" content=\"en_US\" \/>\n<meta property=\"og:type\" content=\"article\" \/>\n<meta property=\"og:title\" content=\"AUTONOMOUS ANATOMY &#8211; De\u00e1k17 Gal\u00e9ria\" \/>\n<meta property=\"og:description\" content=\"Works of students of Hungarian University of Fine Arts and Eszterh\u00e1zy K\u00e1roly Catholic University\" \/>\n<meta property=\"og:url\" content=\"https:\/\/deak17galeria.hu\/exhibitions\/autonom-anatomia\/\" \/>\n<meta property=\"og:site_name\" content=\"De\u00e1k17 Gal\u00e9ria\" \/>\n<meta property=\"article:publisher\" content=\"https:\/\/www.facebook.com\/deak17galeria\" \/>\n<meta property=\"article:modified_time\" content=\"2022-10-07T10:38:12+00:00\" \/>\n<meta property=\"og:image\" content=\"https:\/\/deak17galeria.hu\/wp-content\/uploads\/2022\/10\/D17-honlap-borito-13.png\" \/>\n\t<meta property=\"og:image:width\" content=\"4195\" \/>\n\t<meta property=\"og:image:height\" content=\"1991\" \/>\n\t<meta property=\"og:image:type\" content=\"image\/png\" \/>\n<meta name=\"twitter:card\" content=\"summary_large_image\" \/>\n<meta name=\"twitter:label1\" content=\"Est. reading time\" \/>\n\t<meta name=\"twitter:data1\" content=\"1 minute\" \/>\n<script type=\"application\/ld+json\" class=\"yoast-schema-graph\">{\"@context\":\"https:\/\/schema.org\",\"@graph\":[{\"@type\":\"WebPage\",\"@id\":\"https:\/\/deak17galeria.hu\/exhibitions\/autonom-anatomia\/\",\"url\":\"https:\/\/deak17galeria.hu\/exhibitions\/autonom-anatomia\/\",\"name\":\"AUTONOMOUS ANATOMY &#8211; De\u00e1k17 Gal\u00e9ria\",\"isPartOf\":{\"@id\":\"https:\/\/deak17galeria.hu\/#website\"},\"primaryImageOfPage\":{\"@id\":\"https:\/\/deak17galeria.hu\/exhibitions\/autonom-anatomia\/#primaryimage\"},\"image\":{\"@id\":\"https:\/\/deak17galeria.hu\/exhibitions\/autonom-anatomia\/#primaryimage\"},\"thumbnailUrl\":\"https:\/\/deak17galeria.hu\/wp-content\/uploads\/2022\/10\/D17-honlap-borito-13.png\",\"datePublished\":\"2022-10-06T13:29:19+00:00\",\"dateModified\":\"2022-10-07T10:38:12+00:00\",\"description\":\"Works of students of Hungarian University of Fine Arts and Eszterh\u00e1zy K\u00e1roly Catholic University\",\"breadcrumb\":{\"@id\":\"https:\/\/deak17galeria.hu\/exhibitions\/autonom-anatomia\/#breadcrumb\"},\"inLanguage\":\"en-US\",\"potentialAction\":[{\"@type\":\"ReadAction\",\"target\":[\"https:\/\/deak17galeria.hu\/exhibitions\/autonom-anatomia\/\"]}]},{\"@type\":\"ImageObject\",\"inLanguage\":\"en-US\",\"@id\":\"https:\/\/deak17galeria.hu\/exhibitions\/autonom-anatomia\/#primaryimage\",\"url\":\"https:\/\/deak17galeria.hu\/wp-content\/uploads\/2022\/10\/D17-honlap-borito-13.png\",\"contentUrl\":\"https:\/\/deak17galeria.hu\/wp-content\/uploads\/2022\/10\/D17-honlap-borito-13.png\",\"width\":4195,\"height\":1991},{\"@type\":\"BreadcrumbList\",\"@id\":\"https:\/\/deak17galeria.hu\/exhibitions\/autonom-anatomia\/#breadcrumb\",\"itemListElement\":[{\"@type\":\"ListItem\",\"position\":1,\"name\":\"Kezd\u0151lap\",\"item\":\"https:\/\/deak17galeria.hu\/en\/\"},{\"@type\":\"ListItem\",\"position\":2,\"name\":\"Ki\u00e1ll\u00edt\u00e1sok\",\"item\":\"https:\/\/deak17galeria.hu\/kiallitasok\/\"},{\"@type\":\"ListItem\",\"position\":3,\"name\":\"AUTONOMOUS ANATOMY\"}]},{\"@type\":\"WebSite\",\"@id\":\"https:\/\/deak17galeria.hu\/#website\",\"url\":\"https:\/\/deak17galeria.hu\/\",\"name\":\"De\u00e1k17 Gal\u00e9ria\",\"description\":\"Gyermek \u00e9s Ifj\u00fas\u00e1gi Gal\u00e9ria\",\"publisher\":{\"@id\":\"https:\/\/deak17galeria.hu\/#organization\"},\"potentialAction\":[{\"@type\":\"SearchAction\",\"target\":{\"@type\":\"EntryPoint\",\"urlTemplate\":\"https:\/\/deak17galeria.hu\/?s={search_term_string}\"},\"query-input\":{\"@type\":\"PropertyValueSpecification\",\"valueRequired\":true,\"valueName\":\"search_term_string\"}}],\"inLanguage\":\"en-US\"},{\"@type\":\"Organization\",\"@id\":\"https:\/\/deak17galeria.hu\/#organization\",\"name\":\"De\u00e1k17 Gyermek \u00e9s Ifj\u00fas\u00e1gi Gall\u00e9ria\",\"url\":\"https:\/\/deak17galeria.hu\/\",\"logo\":{\"@type\":\"ImageObject\",\"inLanguage\":\"en-US\",\"@id\":\"https:\/\/deak17galeria.hu\/#\/schema\/logo\/image\/\",\"url\":\"https:\/\/deak17galeria.hu\/wp-content\/uploads\/2021\/04\/d17-logo.png\",\"contentUrl\":\"https:\/\/deak17galeria.hu\/wp-content\/uploads\/2021\/04\/d17-logo.png\",\"width\":337,\"height\":229,\"caption\":\"De\u00e1k17 Gyermek \u00e9s Ifj\u00fas\u00e1gi Gall\u00e9ria\"},\"image\":{\"@id\":\"https:\/\/deak17galeria.hu\/#\/schema\/logo\/image\/\"},\"sameAs\":[\"https:\/\/www.facebook.com\/deak17galeria\"]}]}<\/script>\n<!-- \/ Yoast SEO plugin. -->","yoast_head_json":{"title":"AUTONOMOUS ANATOMY &#8211; De\u00e1k17 Gal\u00e9ria","description":"Works of students of Hungarian University of Fine Arts and Eszterh\u00e1zy K\u00e1roly Catholic University","robots":{"index":"index","follow":"follow","max-snippet":"max-snippet:-1","max-image-preview":"max-image-preview:large","max-video-preview":"max-video-preview:-1"},"canonical":"https:\/\/deak17galeria.hu\/exhibitions\/autonom-anatomia\/","og_locale":"en_US","og_type":"article","og_title":"AUTONOMOUS ANATOMY &#8211; De\u00e1k17 Gal\u00e9ria","og_description":"Works of students of Hungarian University of Fine Arts and Eszterh\u00e1zy K\u00e1roly Catholic University","og_url":"https:\/\/deak17galeria.hu\/exhibitions\/autonom-anatomia\/","og_site_name":"De\u00e1k17 Gal\u00e9ria","article_publisher":"https:\/\/www.facebook.com\/deak17galeria","article_modified_time":"2022-10-07T10:38:12+00:00","og_image":[{"width":4195,"height":1991,"url":"https:\/\/deak17galeria.hu\/wp-content\/uploads\/2022\/10\/D17-honlap-borito-13.png","type":"image\/png"}],"twitter_card":"summary_large_image","twitter_misc":{"Est. reading time":"1 minute"},"schema":{"@context":"https:\/\/schema.org","@graph":[{"@type":"WebPage","@id":"https:\/\/deak17galeria.hu\/exhibitions\/autonom-anatomia\/","url":"https:\/\/deak17galeria.hu\/exhibitions\/autonom-anatomia\/","name":"AUTONOMOUS ANATOMY &#8211; De\u00e1k17 Gal\u00e9ria","isPartOf":{"@id":"https:\/\/deak17galeria.hu\/#website"},"primaryImageOfPage":{"@id":"https:\/\/deak17galeria.hu\/exhibitions\/autonom-anatomia\/#primaryimage"},"image":{"@id":"https:\/\/deak17galeria.hu\/exhibitions\/autonom-anatomia\/#primaryimage"},"thumbnailUrl":"https:\/\/deak17galeria.hu\/wp-content\/uploads\/2022\/10\/D17-honlap-borito-13.png","datePublished":"2022-10-06T13:29:19+00:00","dateModified":"2022-10-07T10:38:12+00:00","description":"Works of students of Hungarian University of Fine Arts and Eszterh\u00e1zy K\u00e1roly Catholic University","breadcrumb":{"@id":"https:\/\/deak17galeria.hu\/exhibitions\/autonom-anatomia\/#breadcrumb"},"inLanguage":"en-US","potentialAction":[{"@type":"ReadAction","target":["https:\/\/deak17galeria.hu\/exhibitions\/autonom-anatomia\/"]}]},{"@type":"ImageObject","inLanguage":"en-US","@id":"https:\/\/deak17galeria.hu\/exhibitions\/autonom-anatomia\/#primaryimage","url":"https:\/\/deak17galeria.hu\/wp-content\/uploads\/2022\/10\/D17-honlap-borito-13.png","contentUrl":"https:\/\/deak17galeria.hu\/wp-content\/uploads\/2022\/10\/D17-honlap-borito-13.png","width":4195,"height":1991},{"@type":"BreadcrumbList","@id":"https:\/\/deak17galeria.hu\/exhibitions\/autonom-anatomia\/#breadcrumb","itemListElement":[{"@type":"ListItem","position":1,"name":"Kezd\u0151lap","item":"https:\/\/deak17galeria.hu\/en\/"},{"@type":"ListItem","position":2,"name":"Ki\u00e1ll\u00edt\u00e1sok","item":"https:\/\/deak17galeria.hu\/kiallitasok\/"},{"@type":"ListItem","position":3,"name":"AUTONOMOUS ANATOMY"}]},{"@type":"WebSite","@id":"https:\/\/deak17galeria.hu\/#website","url":"https:\/\/deak17galeria.hu\/","name":"De\u00e1k17 Gal\u00e9ria","description":"Gyermek \u00e9s Ifj\u00fas\u00e1gi Gal\u00e9ria","publisher":{"@id":"https:\/\/deak17galeria.hu\/#organization"},"potentialAction":[{"@type":"SearchAction","target":{"@type":"EntryPoint","urlTemplate":"https:\/\/deak17galeria.hu\/?s={search_term_string}"},"query-input":{"@type":"PropertyValueSpecification","valueRequired":true,"valueName":"search_term_string"}}],"inLanguage":"en-US"},{"@type":"Organization","@id":"https:\/\/deak17galeria.hu\/#organization","name":"De\u00e1k17 Gyermek \u00e9s Ifj\u00fas\u00e1gi Gall\u00e9ria","url":"https:\/\/deak17galeria.hu\/","logo":{"@type":"ImageObject","inLanguage":"en-US","@id":"https:\/\/deak17galeria.hu\/#\/schema\/logo\/image\/","url":"https:\/\/deak17galeria.hu\/wp-content\/uploads\/2021\/04\/d17-logo.png","contentUrl":"https:\/\/deak17galeria.hu\/wp-content\/uploads\/2021\/04\/d17-logo.png","width":337,"height":229,"caption":"De\u00e1k17 Gyermek \u00e9s Ifj\u00fas\u00e1gi Gall\u00e9ria"},"image":{"@id":"https:\/\/deak17galeria.hu\/#\/schema\/logo\/image\/"},"sameAs":["https:\/\/www.facebook.com\/deak17galeria"]}]}},"_links":{"self":[{"href":"https:\/\/deak17galeria.hu\/en\/wp-json\/wp\/v2\/kiallitasok\/25184","targetHints":{"allow":["GET"]}}],"collection":[{"href":"https:\/\/deak17galeria.hu\/en\/wp-json\/wp\/v2\/kiallitasok"}],"about":[{"href":"https:\/\/deak17galeria.hu\/en\/wp-json\/wp\/v2\/types\/kiallitasok"}],"wp:featuredmedia":[{"embeddable":true,"href":"https:\/\/deak17galeria.hu\/en\/wp-json\/wp\/v2\/media\/25183"}],"wp:attachment":[{"href":"https:\/\/deak17galeria.hu\/en\/wp-json\/wp\/v2\/media?parent=25184"}],"wp:term":[{"taxonomy":"category","embeddable":true,"href":"https:\/\/deak17galeria.hu\/en\/wp-json\/wp\/v2\/categories?post=25184"},{"taxonomy":"post_tag","embeddable":true,"href":"https:\/\/deak17galeria.hu\/en\/wp-json\/wp\/v2\/tags?post=25184"},{"taxonomy":"cimke","embeddable":true,"href":"https:\/\/deak17galeria.hu\/en\/wp-json\/wp\/v2\/cimke?post=25184"}],"curies":[{"name":"wp","href":"https:\/\/api.w.org\/{rel}","templated":true}]}}